{"id":17,"date":"2015-04-20T12:54:13","date_gmt":"2015-04-20T11:54:13","guid":{"rendered":"http:\/\/sportprobrno.cz\/bikearena\/?page_id=17"},"modified":"2019-10-10T14:45:49","modified_gmt":"2019-10-10T13:45:49","slug":"pravidla","status":"publish","type":"page","link":"http:\/\/sportprobrno.cz\/bikearena\/pravidla\/","title":{"rendered":"Pravidla"},"content":{"rendered":"<p>Tra\u0165 je kompletn\u011b pr\u016fjezdn\u00e1 i v dob\u011b mimo z\u00e1vody. Jsme r\u00e1di, \u017ee se na trati v pr\u016fb\u011bhu dne pohybuj\u00ed bike\u0159i. Pros\u00edme v\u0161ak v\u0161echny, aby se v dob\u011b mimo z\u00e1vody chovali co nejohledupln\u011bji v\u016f\u010di p\u011b\u0161\u00edm. Technick\u00e9 sekce jsou v\u011bt\u0161inou zcela mimo norm\u00e1ln\u00ed provoz, ale d\u00e1vejte velk\u00fd pozor p\u0159i k\u0159\u00ed\u017een\u00ed komunikac\u00ed, po kter\u00fdch se chodci pohybuj\u00ed. Pros\u00edme bajkery, aby se po trati pohybovali pouze ve vyzna\u010den\u00e9m sm\u011bru. V\u00fdjezdy nejsou konstruk\u010dn\u011b stav\u011bny pro sjezd s br\u017ed\u011bn\u00edm. Tak\u00e9 pros\u00edm, abyste v technick\u00fdch sjezdech nevyj\u00ed\u017ed\u011bli mimo zpevn\u011bn\u00e9 \u010d\u00e1sti trat\u011b. Jednak ni\u010d\u00edte docela n\u00e1ro\u010dnou pr\u00e1ci a vytv\u00e1\u0159\u00edte dr\u00e1\u017eky, kde p\u0159i de\u0161t\u00edch po\u010detou potoky vody a zni\u010d\u00ed cel\u00e9 okol\u00ed trat\u00ed. V p\u0159\u00edpad\u011b, \u017ee najdete n\u011bjakou z\u00e1vadu kdekoliv, budu velice r\u00e1d, pokud nap\u00ed\u0161ete na vidlak@sportprobrno.cz kr\u00e1tkou zpr\u00e1vu o co jde. Tra\u0165 sice pravideln\u011b kontroluji a udr\u017euji, ale nejsem v\u0161ude. D\u00edky a p\u0159eju p\u0159\u00edjemn\u00e9 bajkov\u00e1n\u00ed. Ahoj.<\/p>\n<p><a href=\"http:\/\/sportprobrno.cz\/bikearena\/wp-content\/uploads\/sites\/3\/2015\/04\/mapa_provozni_rad.jpg\"><img loading=\"lazy\" class=\"alignnone size-medium wp-image-128\" src=\"http:\/\/sportprobrno.cz\/bikearena\/wp-content\/uploads\/sites\/3\/2015\/04\/mapa_provozni_rad-300x198.jpg\" alt=\"mapa_provozni_rad\" width=\"300\" height=\"198\" srcset=\"http:\/\/sportprobrno.cz\/bikearena\/wp-content\/uploads\/sites\/3\/2015\/04\/mapa_provozni_rad-300x198.jpg 300w, http:\/\/sportprobrno.cz\/bikearena\/wp-content\/uploads\/sites\/3\/2015\/04\/mapa_provozni_rad-1024x675.jpg 1024w, http:\/\/sportprobrno.cz\/bikearena\/wp-content\/uploads\/sites\/3\/2015\/04\/mapa_provozni_rad.jpg 1545w\" sizes=\"(max-width: 300px) 100vw, 300px\" \/><\/a><\/p>\n","protected":false},"excerpt":{"rendered":"<p>Tra\u0165 je kompletn\u011b pr\u016fjezdn\u00e1 i v dob\u011b mimo z\u00e1vody. Jsme r\u00e1di, \u017ee se na trati v pr\u016fb\u011bhu dne pohybuj\u00ed bike\u0159i. Pros\u00edme v\u0161ak v\u0161echny, aby se v dob\u011b mimo z\u00e1vody chovali co nejohledupln\u011bji v\u016f\u010di p\u011b\u0161\u00edm. Technick\u00e9 sekce jsou v\u011bt\u0161inou zcela mimo norm\u00e1ln\u00ed provoz, ale d\u00e1vejte velk\u00fd pozor p\u0159i k\u0159\u00ed\u017een\u00ed komunikac\u00ed, po kter\u00fdch se chodci pohybuj\u00ed. Pros\u00edme<\/p>\n<p><a href=\"http:\/\/sportprobrno.cz\/bikearena\/pravidla\/\" class=\"more-link themebutton\">Read More<\/a><\/p>\n","protected":false},"author":1,"featured_media":0,"parent":0,"menu_order":30,"comment_status":"closed","ping_status":"closed","template":"","meta":[],"_links":{"self":[{"href":"http:\/\/sportprobrno.cz\/bikearena\/wp-json\/wp\/v2\/pages\/17"}],"collection":[{"href":"http:\/\/sportprobrno.cz\/bikearena\/wp-json\/wp\/v2\/pages"}],"about":[{"href":"http:\/\/sportprobrno.cz\/bikearena\/wp-json\/wp\/v2\/types\/page"}],"author":[{"embeddable":true,"href":"http:\/\/sportprobrno.cz\/bikearena\/wp-json\/wp\/v2\/users\/1"}],"replies":[{"embeddable":true,"href":"http:\/\/sportprobrno.cz\/bikearena\/wp-json\/wp\/v2\/comments?post=17"}],"version-history":[{"count":4,"href":"http:\/\/sportprobrno.cz\/bikearena\/wp-json\/wp\/v2\/pages\/17\/revisions"}],"predecessor-version":[{"id":131,"href":"http:\/\/sportprobrno.cz\/bikearena\/wp-json\/wp\/v2\/pages\/17\/revisions\/131"}],"wp:attachment":[{"href":"http:\/\/sportprobrno.cz\/bikearena\/wp-json\/wp\/v2\/media?parent=17"}],"curies":[{"name":"wp","href":"https:\/\/api.w.org\/{rel}","templated":true}]}}